{"id":47,"date":"2019-06-02T23:43:53","date_gmt":"2019-06-02T21:43:53","guid":{"rendered":"https:\/\/www.stephanvonhuene.de\/en\/?page_id=47"},"modified":"2025-02-27T23:58:10","modified_gmt":"2025-02-27T22:58:10","slug":"bibliography","status":"publish","type":"page","link":"https:\/\/www.stephanvonhuene.de\/en\/stephan-von-huene\/bibliography\/","title":{"rendered":"Bibliography"},"content":{"rendered":"<section class=\"wpb-content-wrapper\"><p>[vc_row row_type=&#8221;row&#8221; use_row_as_full_screen_section=&#8221;no&#8221; type=&#8221;grid&#8221; text_align=&#8221;left&#8221; background_animation=&#8221;none&#8221; border_color=&#8221;#777777&#8243; css_animation=&#8221;&#8221; el_class=&#8221;absatz2 spacer-top&#8221;][vc_column width=&#8221;1\/4&#8243;][vc_single_image image=&#8221;1295&#8243; img_size=&#8221;full&#8221; add_caption=&#8221;yes&#8221; qode_css_animation=&#8221;&#8221;][\/vc_column][vc_column width=&#8221;3\/4&#8243; el_class=&#8221;indent-left&#8221;][vc_column_text]<\/p>\n<h3>Barenboim-Said Akademie (Hrsg.)<\/h3>\n<h2>Stephan von Huene, Lexichaos<\/h2>\n<p>Berlin: <a href=\"https:\/\/www.boulezsaal.de\/en\/event\/lexichaos-68656\" rel=\"noopener noreferrer\">BSA<\/a>, 2021[\/vc_column_text][\/vc_column][\/vc_row][vc_row row_type=&#8221;row&#8221; use_row_as_full_screen_section=&#8221;no&#8221; type=&#8221;grid&#8221; text_align=&#8221;left&#8221; background_animation=&#8221;none&#8221; border_color=&#8221;#777777&#8243; css_animation=&#8221;&#8221; el_class=&#8221;absatz2 spacer-top&#8221;][vc_column width=&#8221;1\/4&#8243;][vc_single_image image=&#8221;1296&#8243; img_size=&#8221;full&#8221; add_caption=&#8221;yes&#8221; qode_css_animation=&#8221;&#8221;][\/vc_column][vc_column width=&#8221;3\/4&#8243; el_class=&#8221;indent-left&#8221;][vc_column_text]<\/p>\n<h3>Peter Weibel\/Philipp Ziegler (Hrsg.)<\/h3>\n<h2>Stephan von Huene, What&#8217;s wrong with art?<\/h2>\n<p>M\u00fcnchen: <a href=\"https:\/\/www.hirmerverlag.de\/de\/titel-87-2\/stephan_von_huene-2163\/\" target=\"_blank\" rel=\"noopener noreferrer\" class=\"broken_link\">Hirmer<\/a>, 2021[\/vc_column_text][\/vc_column][\/vc_row][vc_row row_type=&#8221;row&#8221; use_row_as_full_screen_section=&#8221;no&#8221; type=&#8221;grid&#8221; text_align=&#8221;left&#8221; background_animation=&#8221;none&#8221; border_color=&#8221;#777777&#8243; css_animation=&#8221;&#8221; el_class=&#8221;absatz2 spacer-top&#8221;][vc_column width=&#8221;1\/4&#8243;][vc_single_image image=&#8221;491&#8243; img_size=&#8221;full&#8221; add_caption=&#8221;yes&#8221; qode_css_animation=&#8221;&#8221;][\/vc_column][vc_column width=&#8221;3\/4&#8243; el_class=&#8221;indent-left&#8221;][vc_column_text]<\/p>\n<h3>Alexis Ruccius<\/h3>\n<h2>Klangkunst als Embodiment<br \/>\nDie kinetischen Klangskulpturen Stephan von Huenes<\/h2>\n<p>Frankfurt am Main: Primat Verlag, 2019[\/vc_column_text][\/vc_column][\/vc_row][vc_row row_type=&#8221;row&#8221; use_row_as_full_screen_section=&#8221;no&#8221; type=&#8221;grid&#8221; text_align=&#8221;left&#8221; background_animation=&#8221;none&#8221; border_color=&#8221;#777777&#8243; css_animation=&#8221;&#8221; el_class=&#8221;absatz2 spacer-top&#8221;][vc_column width=&#8221;1\/4&#8243;][vc_single_image image=&#8221;492&#8243; img_size=&#8221;full&#8221; add_caption=&#8221;yes&#8221; qode_css_animation=&#8221;&#8221;][\/vc_column][vc_column width=&#8221;3\/4&#8243; el_class=&#8221;indent-left&#8221;][vc_column_text]<\/p>\n<h3>Jes\u00fas Mu\u00f1oz Morcillo<\/h3>\n<h2>Elektronik als Sch\u00f6pfungswerkzeug<br \/>\nDie Kunsttechniken des Stephan von Huene (1932 \u2013 2000)<\/h2>\n<p>Bielefeld: <a href=\"https:\/\/www.transcript-verlag.de\/978-3-8376-3626-0\/elektronik-als-schoepfungswerkzeug\/\" target=\"_blank\" rel=\"noopener noreferrer\">transcript<\/a>, 2016[\/vc_column_text][\/vc_column][\/vc_row][vc_row row_type=&#8221;row&#8221; use_row_as_full_screen_section=&#8221;no&#8221; type=&#8221;grid&#8221; text_align=&#8221;left&#8221; background_animation=&#8221;none&#8221; border_color=&#8221;#777777&#8243; css_animation=&#8221;&#8221; el_class=&#8221;absatz2 spacer-top&#8221;][vc_column width=&#8221;1\/4&#8243;][vc_single_image image=&#8221;493&#8243; img_size=&#8221;full&#8221; add_caption=&#8221;yes&#8221; qode_css_animation=&#8221;&#8221;][\/vc_column][vc_column width=&#8221;3\/4&#8243; el_class=&#8221;indent-left&#8221;][vc_column_text]<\/p>\n<h3>Stephan von Huene<\/h3>\n<h2>Die gespaltene Zunge \/ Split Tongue<br \/>\nTexte &amp; Interviews \/ Texts &amp; Interviews<\/h2>\n<p>M\u00fcnchen: <a href=\"https:\/\/www.hirmerverlag.de\/de\/titel-2-0\/stephan_von_huene-711\/\" target=\"_blank\" rel=\"noopener noreferrer\" class=\"broken_link\">Hirmer Verlag<\/a>, 2016[\/vc_column_text][\/vc_column][\/vc_row][vc_row row_type=&#8221;row&#8221; use_row_as_full_screen_section=&#8221;no&#8221; type=&#8221;grid&#8221; text_align=&#8221;left&#8221; background_animation=&#8221;none&#8221; border_color=&#8221;#777777&#8243; css_animation=&#8221;&#8221; el_class=&#8221;absatz2 spacer-top&#8221;][vc_column width=&#8221;1\/4&#8243;][vc_single_image image=&#8221;494&#8243; img_size=&#8221;full&#8221; add_caption=&#8221;yes&#8221; qode_css_animation=&#8221;&#8221;][\/vc_column][vc_column width=&#8221;3\/4&#8243; el_class=&#8221;indent-left&#8221;][vc_column_text]<\/p>\n<h3>Stephan von Huene<\/h3>\n<h2>The Song of the Line<br \/>\nDie Zeichnungen | The Drawings 1950 &#8211; 1999<\/h2>\n<p>Ausstellungskatalog im Verlag Hatje Cantz 2010[\/vc_column_text][\/vc_column][\/vc_row][vc_row row_type=&#8221;row&#8221; use_row_as_full_screen_section=&#8221;no&#8221; type=&#8221;grid&#8221; text_align=&#8221;left&#8221; background_animation=&#8221;none&#8221; border_color=&#8221;#777777&#8243; css_animation=&#8221;&#8221; el_class=&#8221;absatz2 spacer-top&#8221;][vc_column width=&#8221;1\/4&#8243;][vc_single_image image=&#8221;423&#8243; img_size=&#8221;full&#8221; add_caption=&#8221;yes&#8221; qode_css_animation=&#8221;&#8221;][\/vc_column][vc_column width=&#8221;3\/4&#8243; el_class=&#8221;indent-left&#8221;][vc_column_text]<\/p>\n<h3>Stephan von Huene<\/h3>\n<h2>Grenzg\u00e4nger, Grenzverschieber<\/h2>\n<p>Ausstellungskatalog, Hrsg: Barbara K\u00f6nches, Peter Weibel<br \/>\n<a href=\"https:\/\/zkm.de\/de\/publikation\/stephan-von-huene-grenzgaenger-grenzverschieber\" target=\"_blank\" rel=\"noopener noreferrer\">ZKM | Zentrum f\u00fcr Kunst und Medientechnologie<\/a><br \/>\nKarlsruhe 2005[\/vc_column_text][\/vc_column][\/vc_row][vc_row row_type=&#8221;row&#8221; use_row_as_full_screen_section=&#8221;no&#8221; type=&#8221;grid&#8221; text_align=&#8221;left&#8221; background_animation=&#8221;none&#8221; border_color=&#8221;#777777&#8243; css_animation=&#8221;&#8221; el_class=&#8221;absatz2 spacer-top&#8221;][vc_column width=&#8221;1\/4&#8243;][vc_single_image image=&#8221;495&#8243; img_size=&#8221;full&#8221; add_caption=&#8221;yes&#8221; qode_css_animation=&#8221;&#8221;][\/vc_column][vc_column width=&#8221;3\/4&#8243; el_class=&#8221;indent-left&#8221;][vc_column_text]<\/p>\n<h3>Stephan von Huene<\/h3>\n<h2>Tune the World<br \/>\nDie Retrospektive \/ The Retrospective<\/h2>\n<p>Ausstellungskatalog im Verlag Hatje Cantz<\/p>\n<h3><\/h3>\n<p>Download der Katalogtexte incl. Bilbliografie<br \/>\n<a href=\"https:\/\/www.stephanvonhuene.de\/wp-content\/uploads\/2019\/03\/Retro_Kat_Texte.pdf\" target=\"_blank\" rel=\"noopener noreferrer\">Retro_Kat_Texte.pdf<\/a>[\/vc_column_text][\/vc_column][\/vc_row][vc_row row_type=&#8221;row&#8221; use_row_as_full_screen_section=&#8221;no&#8221; type=&#8221;grid&#8221; text_align=&#8221;left&#8221; background_animation=&#8221;none&#8221; border_color=&#8221;#777777&#8243; css_animation=&#8221;&#8221; el_class=&#8221;absatz2 spacer-top&#8221;][vc_column width=&#8221;1\/4&#8243;][vc_single_image image=&#8221;496&#8243; img_size=&#8221;full&#8221; add_caption=&#8221;yes&#8221; qode_css_animation=&#8221;&#8221;][\/vc_column][vc_column width=&#8221;3\/4&#8243; el_class=&#8221;indent-left&#8221;][vc_column_text]<\/p>\n<h3>Stephan von Huene<\/h3>\n<h2>What&#8217;s Wrong with Culture?<\/h2>\n<p>Ausstellungskatalog im Verlag Hatje Cantz<br \/>\nNeues Museum Weserburg, Bremen 1998[\/vc_column_text][\/vc_column][\/vc_row][vc_row row_type=&#8221;row&#8221; use_row_as_full_screen_section=&#8221;no&#8221; type=&#8221;grid&#8221; text_align=&#8221;left&#8221; background_animation=&#8221;none&#8221; border_color=&#8221;#777777&#8243; css_animation=&#8221;&#8221; el_class=&#8221;absatz2 spacer-top&#8221;][vc_column width=&#8221;1\/4&#8243;][vc_single_image image=&#8221;497&#8243; img_size=&#8221;full&#8221; add_caption=&#8221;yes&#8221; qode_css_animation=&#8221;&#8221;][\/vc_column][vc_column width=&#8221;3\/4&#8243; el_class=&#8221;indent-left&#8221;][vc_column_text]<\/p>\n<h3>Stephan von Huene<\/h3>\n<h2>Tisch T\u00e4nzer<\/h2>\n<p>Monographie Reihe Cantz<br \/>\n1995[\/vc_column_text][\/vc_column][\/vc_row][vc_row row_type=&#8221;row&#8221; use_row_as_full_screen_section=&#8221;no&#8221; type=&#8221;grid&#8221; text_align=&#8221;left&#8221; background_animation=&#8221;none&#8221; border_color=&#8221;#777777&#8243; css_animation=&#8221;&#8221; el_class=&#8221;absatz2 spacer-top&#8221;][vc_column width=&#8221;1\/4&#8243;][vc_single_image image=&#8221;498&#8243; img_size=&#8221;full&#8221; add_caption=&#8221;yes&#8221; qode_css_animation=&#8221;&#8221;][\/vc_column][vc_column width=&#8221;3\/4&#8243; el_class=&#8221;indent-left&#8221;][vc_column_text]<\/p>\n<h3>Stephan von Huene<\/h3>\n<h2><\/h2>\n<p>Ausstellungskatalog, Louisiana D\u00e4nemark<br \/>\n1990\/91[\/vc_column_text][\/vc_column][\/vc_row][vc_row row_type=&#8221;row&#8221; use_row_as_full_screen_section=&#8221;no&#8221; type=&#8221;grid&#8221; text_align=&#8221;left&#8221; background_animation=&#8221;none&#8221; border_color=&#8221;#777777&#8243; css_animation=&#8221;&#8221; el_class=&#8221;absatz2 spacer-top&#8221;][vc_column width=&#8221;1\/4&#8243;][vc_single_image image=&#8221;499&#8243; img_size=&#8221;full&#8221; add_caption=&#8221;yes&#8221; qode_css_animation=&#8221;&#8221;][\/vc_column][vc_column width=&#8221;3\/4&#8243; el_class=&#8221;indent-left&#8221;][vc_column_text]<\/p>\n<h3>Stephan von Huene<\/h3>\n<h2>Lexichaos &#8211; Vom Verstehen des Mi\u00dfverstehens zum Mi\u00dfverstehen des Verst\u00e4ndlichen<\/h2>\n<p>Eine Klanginstallation im Kuppelsaal der Hamburger Kunsthalle<br \/>\nvom 8. Juni bis 8. Juli 1990,<\/p>\n<p>Ausstellungskatalog, Hamburg 1990[\/vc_column_text][\/vc_column][\/vc_row][vc_row row_type=&#8221;row&#8221; use_row_as_full_screen_section=&#8221;no&#8221; type=&#8221;grid&#8221; text_align=&#8221;left&#8221; background_animation=&#8221;none&#8221; border_color=&#8221;#777777&#8243; css_animation=&#8221;&#8221; el_class=&#8221;absatz2 spacer-top&#8221;][vc_column width=&#8221;1\/4&#8243;][vc_single_image image=&#8221;500&#8243; img_size=&#8221;full&#8221; add_caption=&#8221;yes&#8221; qode_css_animation=&#8221;&#8221;][\/vc_column][vc_column width=&#8221;3\/4&#8243; el_class=&#8221;indent-left&#8221;][vc_column_text]<\/p>\n<h3>Stephan von Huene<\/h3>\n<h2>Klangskulpturen<\/h2>\n<p>Ausstellungskatalog, Kunsthalle Baden Baden<br \/>\nKestner Gesellschaft, Hannover, 1983[\/vc_column_text][\/vc_column][\/vc_row][vc_row row_type=&#8221;row&#8221; use_row_as_full_screen_section=&#8221;no&#8221; type=&#8221;grid&#8221; text_align=&#8221;left&#8221; background_animation=&#8221;none&#8221; border_color=&#8221;#777777&#8243; css_animation=&#8221;&#8221; el_class=&#8221;absatz2 spacer-top&#8221;][vc_column width=&#8221;1\/4&#8243;][\/vc_column][vc_column width=&#8221;3\/4&#8243; el_class=&#8221;indent-left&#8221;][vc_column_text el_class=&#8221;absatz&#8221;]<\/p>\n<h2>Weiterf\u00fchrende Literatur:<\/h2>\n<h3>John Grayson (Hg.): Sound Sculpture<\/h3>\n<p>A collection of essays by artists surveying the techniques, applications and future directions of sound sculpture, Ausst.-Kat. Vancouver 1975<br \/>\n<a href=\"https:\/\/monoskop.org\/File:Grayson_John_ed_Sound_Sculpture.pdf\" target=\"_blank\" rel=\"noopener noreferrer\">monoskop.org<\/a>[\/vc_column_text][vc_column_text el_class=&#8221;absatz&#8221;]<\/p>\n<h3>Yannis Hadjinicolaou: Die Aktualit\u00e4t der \u201aKritischen Kunstgeschichte\u2019 in Stephan von Huenes \u201eBlauen B\u00fcchern\u201c<\/h3>\n<p>in: kritische berichte, Heft 4, Jg. 42, Marburg 2014, S. 62\u201373[\/vc_column_text][vc_column_text el_class=&#8221;absatz&#8221;]<\/p>\n<h3>Bildwelten des Wissens, Bild \u2013 Ton \u2013 Rhythmus<\/h3>\n<p>Kunsthistorisches Jahrbuch f\u00fcr Bildkritik,<br \/>\nBd. 10,2, Berlin\/Boston 2014[\/vc_column_text][\/vc_column][\/vc_row][vc_row row_type=&#8221;row&#8221; use_row_as_full_screen_section=&#8221;no&#8221; type=&#8221;grid&#8221; text_align=&#8221;left&#8221; background_animation=&#8221;none&#8221; css_animation=&#8221;&#8221; el_class=&#8221;absatz2 spacer-top&#8221;][vc_column width=&#8221;1\/4&#8243;][\/vc_column][vc_column width=&#8221;3\/4&#8243; el_class=&#8221;indent-left&#8221;][vc_column_text el_class=&#8221;absatz&#8221;]<\/p>\n<h3>Werkkatalog<\/h3>\n<p>Hier k\u00f6nnen Sie das gesamte Werkverzeichnis Stephan von Huenes<br \/>\nals PDF-Datei herunter laden.<br \/>\n<a href=\"https:\/\/www.stephanvonhuene.de\/wp-content\/uploads\/2019\/03\/Werkverzeichnis_SvH_gesamt.pdf\" target=\"_blank\" rel=\"noopener noreferrer\">Werkverzeichnis_SvH_gesamt.pdf<\/a>[\/vc_column_text][vc_column_text]<\/p>\n<h3>Katalogtexte<\/h3>\n<p>Download der Katalogtexte (Retrospective 2002\/03) incl. Bibliografie<br \/>\n<a href=\"https:\/\/www.stephanvonhuene.de\/wp-content\/uploads\/2019\/03\/Retro_Kat_Texte.pdf\" target=\"_blank\" rel=\"noopener noreferrer\">Retro_Kat_Texte.pdf<\/a>[\/vc_column_text][\/vc_column][\/vc_row][vc_row row_type=&#8221;row&#8221; use_row_as_full_screen_section=&#8221;no&#8221; type=&#8221;full_width&#8221; text_align=&#8221;left&#8221; background_animation=&#8221;none&#8221; css_animation=&#8221;&#8221;][vc_column el_class=&#8221;absatz3 spacer-top&#8221;]<a href=\"https:\/\/www.stephanvonhuene.de\/en\/\" target=\"_self\"  class=\"qbutton  qbutton_with_icon\" style=\"\"><span class=\"button_icon  custom_icon_size q_font_elegant_icon arrow_carrot-2left\" aria-hidden=\"true\" style=\"font-size: 20px;\"><\/span><\/a><a href=\"https:\/\/www.stephanvonhuene.de\/en\/stephan-von-huene\/group-exhibitions\/\" target=\"_self\"  class=\"qbutton  qbutton_with_icon\" style=\"\"><span class=\"button_icon  custom_icon_size q_font_elegant_icon arrow_carrot-left\" aria-hidden=\"true\" style=\"font-size: 20px;\"><\/span><\/a><a href=\"https:\/\/www.stephanvonhuene.de\/en\/stephan-von-huene\/external-links\/\" target=\"_self\"  class=\"qbutton  qbutton_with_icon\" style=\"\"><span class=\"button_icon  custom_icon_size q_font_elegant_icon arrow_carrot-right\" aria-hidden=\"true\" style=\"font-size: 20px;\"><\/span><\/a>[\/vc_column][\/vc_row]<\/p>\n<\/section>","protected":false},"excerpt":{"rendered":"<p>[vc_row row_type=&#8221;row&#8221; use_row_as_full_screen_section=&#8221;no&#8221; type=&#8221;grid&#8221; text_align=&#8221;left&#8221; background_animation=&#8221;none&#8221; border_color=&#8221;#777777&#8243; css_animation=&#8221;&#8221; el_class=&#8221;absatz2 spacer-top&#8221;][vc_column width=&#8221;1\/4&#8243;][vc_single_image image=&#8221;1295&#8243; img_size=&#8221;full&#8221; add_caption=&#8221;yes&#8221; qode_css_animation=&#8221;&#8221;][\/vc_column][vc_column width=&#8221;3\/4&#8243; el_class=&#8221;indent-left&#8221;][vc_column_text] Barenboim-Said Akademie (Hrsg.)&#8230;<\/p>\n","protected":false},"author":2,"featured_media":0,"parent":12,"menu_order":0,"comment_status":"closed","ping_status":"closed","template":"","meta":[],"_links":{"self":[{"href":"https:\/\/www.stephanvonhuene.de\/en\/wp-json\/wp\/v2\/pages\/47"}],"collection":[{"href":"https:\/\/www.stephanvonhuene.de\/en\/wp-json\/wp\/v2\/pages"}],"about":[{"href":"https:\/\/www.stephanvonhuene.de\/en\/wp-json\/wp\/v2\/types\/page"}],"author":[{"embeddable":true,"href":"https:\/\/www.stephanvonhuene.de\/en\/wp-json\/wp\/v2\/users\/2"}],"replies":[{"embeddable":true,"href":"https:\/\/www.stephanvonhuene.de\/en\/wp-json\/wp\/v2\/comments?post=47"}],"version-history":[{"count":14,"href":"https:\/\/www.stephanvonhuene.de\/en\/wp-json\/wp\/v2\/pages\/47\/revisions"}],"predecessor-version":[{"id":93,"href":"https:\/\/www.stephanvonhuene.de\/en\/wp-json\/wp\/v2\/pages\/47\/revisions\/93"}],"up":[{"embeddable":true,"href":"https:\/\/www.stephanvonhuene.de\/en\/wp-json\/wp\/v2\/pages\/12"}],"wp:attachment":[{"href":"https:\/\/www.stephanvonhuene.de\/en\/wp-json\/wp\/v2\/media?parent=47"}],"curies":[{"name":"wp","href":"https:\/\/api.w.org\/{rel}","templated":true}]}}